{"id":5348,"date":"2020-08-27T07:30:38","date_gmt":"2020-08-27T07:30:38","guid":{"rendered":"https:\/\/www.verdedioliva.me\/sss\/"},"modified":"2020-08-30T21:22:02","modified_gmt":"2020-08-30T21:22:02","slug":"sss","status":"publish","type":"page","link":"https:\/\/www.verdedioliva.com\/tr\/sss\/","title":{"rendered":"sss"},"content":{"rendered":"<p>[vc_row][vc_column]<div class=\"qodef-elements-holder   qodef-one-column  qodef-responsive-mode-768  \" ><div class=\"qodef-eh-item   qodef-horizontal-alignment-center \"  data-item-class=\"qodef-eh-custom-5327\">\n\t<div class=\"qodef-eh-item-inner\">\n\t\t<div class=\"qodef-eh-item-content qodef-eh-custom-5327\" style=\"padding: 1% 0 1% 5%\">\n\t\t\t[vc_custom_heading text=&#8221;S\u0131k\u00e7a Sorulan Sorular&#8221; font_container=&#8221;tag:h4|text_align:left|line_height:10px&#8221; use_theme_fonts=&#8221;yes&#8221;][vc_separator color=&#8221;black&#8221; align=&#8221;align_left&#8221; el_width=&#8221;10&#8243; css_animation=&#8221;none&#8221;][vc_custom_heading text=&#8221;VERDE DI OLIVA RESIDENCE&#8221; font_container=&#8221;tag:p|text_align:left|line_height:10px&#8221; use_theme_fonts=&#8221;yes&#8221;]\t\t<\/div>\n\t<\/div>\n<\/div><\/div>[\/vc_column][\/vc_row][vc_row][vc_column]<div class=\"qodef-elements-holder   qodef-one-column  qodef-responsive-mode-768  \" ><div class=\"qodef-eh-item    \"  data-item-class=\"qodef-eh-custom-7842\">\n\t<div class=\"qodef-eh-item-inner\">\n\t\t<div class=\"qodef-eh-item-content qodef-eh-custom-7842\" style=\"padding: 0 4% 3% 5%\">\n\t\t\t<div class=\"qodef-single-image-holder   \">\n    <div class=\"qodef-si-inner\" >\n                                    <img width=\"1800\" height=\"643\" src=\"https:\/\/www.verdedioliva.com\/wp-content\/uploads\/2020\/08\/faq-01.jpg\" class=\"attachment-full size-full\" alt=\"\" decoding=\"async\" srcset=\"https:\/\/www.verdedioliva.com\/wp-content\/uploads\/2020\/08\/faq-01.jpg 1800w, https:\/\/www.verdedioliva.com\/wp-content\/uploads\/2020\/08\/faq-01-300x107.jpg 300w, https:\/\/www.verdedioliva.com\/wp-content\/uploads\/2020\/08\/faq-01-1024x366.jpg 1024w, https:\/\/www.verdedioliva.com\/wp-content\/uploads\/2020\/08\/faq-01-768x274.jpg 768w, https:\/\/www.verdedioliva.com\/wp-content\/uploads\/2020\/08\/faq-01-1536x549.jpg 1536w, https:\/\/www.verdedioliva.com\/wp-content\/uploads\/2020\/08\/faq-01-600x214.jpg 600w\" sizes=\"(max-width: 1800px) 100vw, 1800px\" \/>                        <\/div>\n<\/div>\t\t<\/div>\n\t<\/div>\n<\/div><\/div>[\/vc_column][\/vc_row][vc_row row_content_width=&#8221;grid&#8221; css=&#8221;.vc_custom_1598133031326{padding-bottom: 5% !important;}&#8221;][vc_column]<div class=\"qodef-accordion-holder qodef-ac-default  qodef-accordion qodef-ac-simple  clearfix\">\n\t<h6 class=\"qodef-accordion-title\">\n    <span class=\"qodef-accordion-mark\">\n\t\t<span class=\"qodef_icon_plus icon_plus\"><\/span>\n\t\t<span class=\"qodef_icon_minus icon_minus-06\"><\/span>\n\t<\/span>\n\t<span class=\"qodef-tab-title\">Ev sahibi nas\u0131l olurum?<\/span>\n<\/h6>\n<div class=\"qodef-accordion-content\">\n\t<div class=\"qodef-accordion-content-inner\">\n\t\t[vc_column_text]\u00d6ncelikle noterde al\u0131c\u0131 ve sat\u0131c\u0131 bulu\u015fur. Burada imzalanan s\u00f6zle\u015fmenin ard\u0131ndan \u00f6deme tamamland\u0131\u011f\u0131nda noter, evin tapusunu yeni sahibin ismi ve imzas\u0131 ile ilgili belediyenin Tapu ve Kadastro M\u00fcd\u00fcrl\u00fc\u011f\u00fc ile payla\u015f\u0131r. Takip eden 10 ila 20 i\u015f g\u00fcn\u00fc i\u00e7erisinde tapu devri olu\u015fur.[\/vc_column_text]\t<\/div>\n<\/div><h6 class=\"qodef-accordion-title\">\n    <span class=\"qodef-accordion-mark\">\n\t\t<span class=\"qodef_icon_plus icon_plus\"><\/span>\n\t\t<span class=\"qodef_icon_minus icon_minus-06\"><\/span>\n\t<\/span>\n\t<span class=\"qodef-tab-title\">Karada\u011f\u2019a gitmeden ev sat\u0131n alabilir miyim?<\/span>\n<\/h6>\n<div class=\"qodef-accordion-content\">\n\t<div class=\"qodef-accordion-content-inner\">\n\t\t[vc_column_text]Karada\u011f\u2019a gitmeden vekalet yolu ile ev sat\u0131n al\u0131nabilir. Bunun i\u00e7in noterden 2 sayfa vekaletname \u00e7\u0131karmak gereklidir. Yakla\u015f\u0131k 260 (30 EUR) lira maliyeti bulunuyor.[\/vc_column_text]\t<\/div>\n<\/div><h6 class=\"qodef-accordion-title\">\n    <span class=\"qodef-accordion-mark\">\n\t\t<span class=\"qodef_icon_plus icon_plus\"><\/span>\n\t\t<span class=\"qodef_icon_minus icon_minus-06\"><\/span>\n\t<\/span>\n\t<span class=\"qodef-tab-title\">Karada\u011f\u2019da ev al\u0131m vergisi uygulan\u0131yor mu?<\/span>\n<\/h6>\n<div class=\"qodef-accordion-content\">\n\t<div class=\"qodef-accordion-content-inner\">\n\t\t[vc_column_text]Karada\u011f\u2019da ev al\u0131m vergisi bitmi\u015f projelerde % 3 oran\u0131nda vergi uygulan\u0131yor. Ancak yeni in\u015fa edilen projelerde bu vergi uygulanm\u0131yor.[\/vc_column_text]\t<\/div>\n<\/div><h6 class=\"qodef-accordion-title\">\n    <span class=\"qodef-accordion-mark\">\n\t\t<span class=\"qodef_icon_plus icon_plus\"><\/span>\n\t\t<span class=\"qodef_icon_minus icon_minus-06\"><\/span>\n\t<\/span>\n\t<span class=\"qodef-tab-title\">Ev al\u0131rken kar\u015f\u0131la\u015f\u0131lacak maliyetler nelerdir?<\/span>\n<\/h6>\n<div class=\"qodef-accordion-content\">\n\t<div class=\"qodef-accordion-content-inner\">\n\t\t[vc_column_text]Ev alan ki\u015fi bir u\u00e7ak yolculu\u011fu ile \u0130stanbul\u2019dan Karada\u011f\u2019a gidecek ise u\u00e7ak bilet maliyeti gidi\u015f d\u00f6n\u00fc\u015f ortalama 235 \u20ac (2000 TL) &#8211; 313 \u20ac (2700) TL seviyesindedir. Bunun d\u0131\u015f\u0131nda evin sat\u0131\u015f\u0131 esnas\u0131nda noterde yabanc\u0131lar yeminli terc\u00fcman bulundurmak zorundad\u0131rlar. Bu da saatlik \u00fccrete tabiidir. Sat\u0131\u015f i\u015flemine g\u00f6re ortalama 150 Euro ile 250 Euro aras\u0131nda bir maliyet olu\u015fmaktad\u0131r. Bunun d\u0131\u015f\u0131nda noter masraflar\u0131 da ortalama 500 Euro seviyesindedir. Evini gelmeden sat\u0131n almak isteyenler ise sadece 2 sayfal\u0131k noter masraf\u0131 ile vekalet yolu ile ev sahibi olabiliyor. Ayr\u0131ca al\u0131c\u0131, Kadastro&#8217;da veri giri\u015fi i\u00e7in bir \u00fccret \u00f6der. (25 \u20ac) 60.000 \u20ac &#8216;ya kadar olan bir daire i\u00e7in, s\u00f6zle\u015fme \u00f6ncesi maliyet 150 \u20ac + KDV ve ana s\u00f6zle\u015fme \u20ac 300 + KDV\u2019dir.[\/vc_column_text]\t<\/div>\n<\/div><h6 class=\"qodef-accordion-title\">\n    <span class=\"qodef-accordion-mark\">\n\t\t<span class=\"qodef_icon_plus icon_plus\"><\/span>\n\t\t<span class=\"qodef_icon_minus icon_minus-06\"><\/span>\n\t<\/span>\n\t<span class=\"qodef-tab-title\">Ev alan yabanc\u0131 oturum izni de alabilir mi?<\/span>\n<\/h6>\n<div class=\"qodef-accordion-content\">\n\t<div class=\"qodef-accordion-content-inner\">\n\t\t[vc_column_text]Karada\u011f\u2019da ev alan yabanc\u0131lar alt limit olmaks\u0131z\u0131n oturum izni alabiliyorlar. Evi alan\u0131n birinci derece yak\u0131nlar\u0131 da oturum izni alabilirler.[\/vc_column_text]\t<\/div>\n<\/div><h6 class=\"qodef-accordion-title\">\n    <span class=\"qodef-accordion-mark\">\n\t\t<span class=\"qodef_icon_plus icon_plus\"><\/span>\n\t\t<span class=\"qodef_icon_minus icon_minus-06\"><\/span>\n\t<\/span>\n\t<span class=\"qodef-tab-title\">Oturum izni almak ne i\u015fe yarar?<\/span>\n<\/h6>\n<div class=\"qodef-accordion-content\">\n\t<div class=\"qodef-accordion-content-inner\">\n\t\t[vc_column_text]Oturum kart\u0131 sahipleri Karada\u011f\u2019da 90 g\u00fcnden fazla kalabilirler. Ayr\u0131ca kart sahipleri T\u00fcrkiye\u2019den yurtd\u0131\u015f\u0131na \u00e7\u0131karken de yurtd\u0131\u015f\u0131 \u00e7\u0131k\u0131\u015f pulu almaks\u0131z\u0131n d\u00fcnyan\u0131n her yerine seyahat edebilirler.[\/vc_column_text]\t<\/div>\n<\/div><h6 class=\"qodef-accordion-title\">\n    <span class=\"qodef-accordion-mark\">\n\t\t<span class=\"qodef_icon_plus icon_plus\"><\/span>\n\t\t<span class=\"qodef_icon_minus icon_minus-06\"><\/span>\n\t<\/span>\n\t<span class=\"qodef-tab-title\">Evi al\u0131r almaz oturum izni i\u00e7in de ba\u015fvurabiliyor muyum?<\/span>\n<\/h6>\n<div class=\"qodef-accordion-content\">\n\t<div class=\"qodef-accordion-content-inner\">\n\t\t[vc_column_text]Maalesef Karada\u011f\u2019da Emniyet M\u00fcd\u00fcrl\u00fckleri oturum izni i\u00e7in tapunun orjinalini istiyor. Dolay\u0131s\u0131yla sat\u0131nalma ger\u00e7ekle\u015ftikten 10 ila 20 g\u00fcn aras\u0131nda tapu olu\u015ftu\u011funda oturum izni i\u00e7in ba\u015fvurulabiliyor.[\/vc_column_text]\t<\/div>\n<\/div><h6 class=\"qodef-accordion-title\">\n    <span class=\"qodef-accordion-mark\">\n\t\t<span class=\"qodef_icon_plus icon_plus\"><\/span>\n\t\t<span class=\"qodef_icon_minus icon_minus-06\"><\/span>\n\t<\/span>\n\t<span class=\"qodef-tab-title\">Oturum iznini Karada\u011f\u2019a gitmeden alabiliyor muyum?<\/span>\n<\/h6>\n<div class=\"qodef-accordion-content\">\n\t<div class=\"qodef-accordion-content-inner\">\n\t\t[vc_column_text]Karada\u011f\u2019a gidilmeden oturum izni almak m\u00fcmk\u00fcn. Bunun i\u00e7in T\u00fcrkiye\u2019den haz\u0131rlan\u0131p kargolanmas\u0131 gereken evraklar bulunuyor. \u0130lki Adliye\u2019den al\u0131nmas\u0131 \u015fart\u0131yla Adli Sicil Belgesi. Bunun ayr\u0131ca noterde tasdik ettirilmesi gerekiyor. Yine pasaportun \u00f6n y\u00fcz\u00fcn\u00fcn de noterde tasdik ettirilmesi gerekiyor. Ayr\u0131ca ilgili kaymakaml\u0131ktan da apostil belgesinin al\u0131nmas\u0131 gerekiyor.[\/vc_column_text]\t<\/div>\n<\/div><h6 class=\"qodef-accordion-title\">\n    <span class=\"qodef-accordion-mark\">\n\t\t<span class=\"qodef_icon_plus icon_plus\"><\/span>\n\t\t<span class=\"qodef_icon_minus icon_minus-06\"><\/span>\n\t<\/span>\n\t<span class=\"qodef-tab-title\">Oturum izni i\u00e7in Karada\u011f\u2019a gitmem \u015fart m\u0131?<\/span>\n<\/h6>\n<div class=\"qodef-accordion-content\">\n\t<div class=\"qodef-accordion-content-inner\">\n\t\t[vc_column_text]Biz oturum izni i\u00e7in b\u00fct\u00fcn belgeleri takip edebiliyoruz. Ancak oturum izni almak i\u00e7in Emniyet M\u00fcd\u00fcrl\u00fc\u011f\u00fc \u0131slak imza ve foto\u011fraf \u00e7ekimi i\u00e7in ilgili ki\u015fiyi de bir kez olmak \u015fart\u0131yla ofiste g\u00f6rmek istiyor. Dolay\u0131s\u0131yla yakla\u015f\u0131k 1 saat s\u00fcren bu i\u015flemler i\u00e7in Karada\u011f\u2019a gitmek \u015fart.[\/vc_column_text]\t<\/div>\n<\/div><h6 class=\"qodef-accordion-title\">\n    <span class=\"qodef-accordion-mark\">\n\t\t<span class=\"qodef_icon_plus icon_plus\"><\/span>\n\t\t<span class=\"qodef_icon_minus icon_minus-06\"><\/span>\n\t<\/span>\n\t<span class=\"qodef-tab-title\">Kompleks ve plaj aras\u0131ndaki mesafe nedir?<\/span>\n<\/h6>\n<div class=\"qodef-accordion-content\">\n\t<div class=\"qodef-accordion-content-inner\">\n\t\t[vc_column_text]500 metre; ayr\u0131ca, binadan a\u00e7\u0131k deniz manzaras\u0131 var.[\/vc_column_text]\t<\/div>\n<\/div><h6 class=\"qodef-accordion-title\">\n    <span class=\"qodef-accordion-mark\">\n\t\t<span class=\"qodef_icon_plus icon_plus\"><\/span>\n\t\t<span class=\"qodef_icon_minus icon_minus-06\"><\/span>\n\t<\/span>\n\t<span class=\"qodef-tab-title\">Binada ortak alanlar nelerdir?<\/span>\n<\/h6>\n<div class=\"qodef-accordion-content\">\n\t<div class=\"qodef-accordion-content-inner\">\n\t\t[vc_column_text]Binada geni\u015f bir spa merkezi(Fitness Salonu, Kapal\u0131 Y\u00fczme Havuzu, Sauna, T\u00fcrk Hamam\u0131, Sinema), A\u00e7\u0131k Y\u00fczme Havuzu ve \u00c7ocuk Park\u0131 vard\u0131r.[\/vc_column_text]\t<\/div>\n<\/div><h6 class=\"qodef-accordion-title\">\n    <span class=\"qodef-accordion-mark\">\n\t\t<span class=\"qodef_icon_plus icon_plus\"><\/span>\n\t\t<span class=\"qodef_icon_minus icon_minus-06\"><\/span>\n\t<\/span>\n\t<span class=\"qodef-tab-title\">Binadaki asans\u00f6r say\u0131s\u0131.<\/span>\n<\/h6>\n<div class=\"qodef-accordion-content\">\n\t<div class=\"qodef-accordion-content-inner\">\n\t\t[vc_column_text]Binada 3.6 m\u00b2 alana sahip bir adet asans\u00f6r bulunmaktad\u0131r.[\/vc_column_text]\t<\/div>\n<\/div><h6 class=\"qodef-accordion-title\">\n    <span class=\"qodef-accordion-mark\">\n\t\t<span class=\"qodef_icon_plus icon_plus\"><\/span>\n\t\t<span class=\"qodef_icon_minus icon_minus-06\"><\/span>\n\t<\/span>\n\t<span class=\"qodef-tab-title\">Yeralt\u0131 otopark\u0131 var m\u0131?<\/span>\n<\/h6>\n<div class=\"qodef-accordion-content\">\n\t<div class=\"qodef-accordion-content-inner\">\n\t\t[vc_column_text]41 ara\u00e7l\u0131k otopark alan\u0131 olacakt\u0131r. Toplamda 876.57 m\u00b2&#8217;lik bir alan\u0131 kaplayacak. (Binadaki garaj alan\u0131 yaln\u0131zca bina kirac\u0131lar\u0131 taraf\u0131ndan sat\u0131n al\u0131nabilir).[\/vc_column_text]\t<\/div>\n<\/div><h6 class=\"qodef-accordion-title\">\n    <span class=\"qodef-accordion-mark\">\n\t\t<span class=\"qodef_icon_plus icon_plus\"><\/span>\n\t\t<span class=\"qodef_icon_minus icon_minus-06\"><\/span>\n\t<\/span>\n\t<span class=\"qodef-tab-title\">Tavan y\u00fcksekli\u011fi nedir?<\/span>\n<\/h6>\n<div class=\"qodef-accordion-content\">\n\t<div class=\"qodef-accordion-content-inner\">\n\t\t[vc_column_text]Dairelerde tavan y\u00fcksekli\u011fi 3,05 metredir.[\/vc_column_text]\t<\/div>\n<\/div><\/div>[\/vc_column][\/vc_row][vc_row][vc_column css=&#8221;.vc_custom_1598395161839{padding-top: 50px !important;padding-right: 50px !important;padding-left: 50px !important;background-color: #edf7fa !important;}&#8221; offset=&#8221;vc_hidden-lg vc_hidden-md&#8221;][vc_widget_sidebar sidebar_id=&#8221;enquirearea&#8221;][\/vc_column][\/vc_row]<\/p>\n","protected":false},"excerpt":{"rendered":"<p>[vc_row][vc_column][\/vc_column][\/vc_row][vc_row][vc_column][\/vc_column][\/vc_row][vc_row row_content_width=&#8221;grid&#8221; css=&#8221;.vc_custom_1598133031326{padding-bottom: 5% !important;}&#8221;][vc_column][\/vc_column][\/vc_row][vc_row][vc_column css=&#8221;.vc_custom_1598395161839{padding-top: 50px !important;padding-right: 50px !important;padding-left: 50px !important;background-color: #edf7fa !important;}&#8221; [&hellip;]<\/p>\n","protected":false},"author":1,"featured_media":0,"parent":0,"menu_order":0,"comment_status":"closed","ping_status":"closed","template":"full-width.php","meta":{"footnotes":""},"_links":{"self":[{"href":"https:\/\/www.verdedioliva.com\/tr\/wp-json\/wp\/v2\/pages\/5348"}],"collection":[{"href":"https:\/\/www.verdedioliva.com\/tr\/wp-json\/wp\/v2\/pages"}],"about":[{"href":"https:\/\/www.verdedioliva.com\/tr\/wp-json\/wp\/v2\/types\/page"}],"author":[{"embeddable":true,"href":"https:\/\/www.verdedioliva.com\/tr\/wp-json\/wp\/v2\/users\/1"}],"replies":[{"embeddable":true,"href":"https:\/\/www.verdedioliva.com\/tr\/wp-json\/wp\/v2\/comments?post=5348"}],"version-history":[{"count":4,"href":"https:\/\/www.verdedioliva.com\/tr\/wp-json\/wp\/v2\/pages\/5348\/revisions"}],"predecessor-version":[{"id":5353,"href":"https:\/\/www.verdedioliva.com\/tr\/wp-json\/wp\/v2\/pages\/5348\/revisions\/5353"}],"wp:attachment":[{"href":"https:\/\/www.verdedioliva.com\/tr\/wp-json\/wp\/v2\/media?parent=5348"}],"curies":[{"name":"wp","href":"https:\/\/api.w.org\/{rel}","templated":true}]}}